{"id":31,"date":"2023-04-10T23:27:21","date_gmt":"2023-04-10T20:27:21","guid":{"rendered":"https:\/\/stadinkissalafi.wordpress.com\/?page_id=31"},"modified":"2023-04-10T23:27:21","modified_gmt":"2023-04-10T20:27:21","slug":"uutiset","status":"publish","type":"page","link":"https:\/\/stadinkissala.fi\/?page_id=31","title":{"rendered":"Uutiset"},"content":{"rendered":"\n<div class=\"wp-block-group alignfull has-global-padding is-layout-constrained wp-block-group-is-layout-constrained\">\n<div class=\"wp-block-query is-layout-flow wp-block-query-is-layout-flow\"><ul class=\"wp-block-post-template is-layout-flow wp-block-post-template-is-layout-flow\"><li class=\"wp-block-post post-171 post type-post status-publish format-standard hentry category-pennut category-yleinen\">\n\n<div class=\"wp-block-group has-global-padding is-layout-constrained wp-container-core-group-is-layout-c6708789 wp-block-group-is-layout-constrained\" style=\"padding-bottom:3rem\">\n<div class=\"wp-block-group has-global-padding is-layout-constrained wp-container-core-group-is-layout-e0082cf6 wp-block-group-is-layout-constrained\"><div class=\"wp-block-post-date\"><time datetime=\"2025-06-02T20:17:37+03:00\">02\/06\/2025<\/time><\/div>\n\n<h2 style=\"font-style:normal;font-weight:700;\" class=\"has-link-color wp-elements-acefc44dae35703fb1867b2796b3e3d9 wp-block-post-title\"><a href=\"https:\/\/stadinkissala.fi\/?p=171\" target=\"_self\" >P\u00e4ivityst\u00e4 pentusuunnitelmiin<\/a><\/h2><\/div>\n\n\n\n\n<div class=\"wp-block-post-excerpt\"><p class=\"wp-block-post-excerpt__excerpt\">Aiemmin kirjoittelin jo pentutoiveistamme sek\u00e4 Domnalle ett\u00e4 Mantalle. T\u00e4ss\u00e4 p\u00e4ivityst\u00e4 niiden osalta! Domnan osalta tilannetta jo avasinkin aiemmin kissalan instagram-tilin puolella. Aina kaikki ei mene niinkuin suunnittelee, ja silt\u00e4 on n\u00e4ytt\u00e4nyt my\u00f6s kissalamme pentukev\u00e4t. Domna saatiin astutettua maalis-huhtikuun vaihteessa, ja huhtikuun lopulla huomasimme kun sen paino alkoi nousemaan ja tiineyden merkit n\u00e4kym\u00e4\u00e4n. Iloitsimme, ett\u00e4 meill\u00e4<\/p><p class=\"wp-block-post-excerpt__more-text\"><a class=\"wp-block-post-excerpt__more-link\" href=\"https:\/\/stadinkissala.fi\/?p=171\">Lue koko teksti<\/a><\/p><\/div><\/div>\n\n<\/li><li class=\"wp-block-post post-162 post type-post status-publish format-standard hentry category-pennut\">\n\n<div class=\"wp-block-group has-global-padding is-layout-constrained wp-container-core-group-is-layout-c6708789 wp-block-group-is-layout-constrained\" style=\"padding-bottom:3rem\">\n<div class=\"wp-block-group has-global-padding is-layout-constrained wp-container-core-group-is-layout-e0082cf6 wp-block-group-is-layout-constrained\"><div class=\"wp-block-post-date\"><time datetime=\"2025-02-14T23:27:01+02:00\">14\/02\/2025<\/time><\/div>\n\n<h2 style=\"font-style:normal;font-weight:700;\" class=\"has-link-color wp-elements-acefc44dae35703fb1867b2796b3e3d9 wp-block-post-title\"><a href=\"https:\/\/stadinkissala.fi\/?p=162\" target=\"_self\" >Pentusuunnitelmia vuodelle 2025<\/a><\/h2><\/div>\n\n\n\n\n<div class=\"wp-block-post-excerpt\"><p class=\"wp-block-post-excerpt__excerpt\">Meill\u00e4 on pentusuunnitelmia! Pentuja on vuodelle 2025 toiveissa sek\u00e4 Domnalle (SC Katzenhof Christina Regina DVM) ett\u00e4 Mantalle (IC FI*Stadin Havis Amanda). Mantalle on jo pariin kertaan j\u00e4rjestetty treffitkin, mutta neiti ei ole oikein sulhasesta viel\u00e4 innostunut. Toivotaan ett\u00e4 seuraavalla yrityksell\u00e4 t\u00e4rpp\u00e4isi! Viel\u00e4 t\u00e4ll\u00e4 hetkell\u00e4 emme siis odota pentuja eik\u00e4 meill\u00e4 ole viel\u00e4 tietoa milloin suunnitellut<\/p><p class=\"wp-block-post-excerpt__more-text\"><a class=\"wp-block-post-excerpt__more-link\" href=\"https:\/\/stadinkissala.fi\/?p=162\">Lue koko teksti<\/a><\/p><\/div><\/div>\n\n<\/li><li class=\"wp-block-post post-133 post type-post status-publish format-standard has-post-thumbnail hentry category-nayttelyt\">\n\n<div class=\"wp-block-group has-global-padding is-layout-constrained wp-container-core-group-is-layout-c6708789 wp-block-group-is-layout-constrained\" style=\"padding-bottom:3rem\">\n<div class=\"wp-block-group has-global-padding is-layout-constrained wp-container-core-group-is-layout-e0082cf6 wp-block-group-is-layout-constrained\"><div class=\"wp-block-post-date\"><time datetime=\"2023-11-01T13:38:27+02:00\">01\/11\/2023<\/time><\/div>\n\n<h2 style=\"font-style:normal;font-weight:700;\" class=\"has-link-color wp-elements-acefc44dae35703fb1867b2796b3e3d9 wp-block-post-title\"><a href=\"https:\/\/stadinkissala.fi\/?p=133\" target=\"_self\" >N\u00e4yttelyterveisi\u00e4<\/a><\/h2><\/div>\n\n\n<figure class=\"wp-block-post-featured-image\"><a href=\"https:\/\/stadinkissala.fi\/?p=133\" target=\"_self\"  ><img loading=\"lazy\" decoding=\"async\" width=\"2048\" height=\"1365\" src=\"https:\/\/stadinkissala.fi\/wp-content\/uploads\/2023\/11\/PZ90859.jpg\" class=\"attachment-post-thumbnail size-post-thumbnail wp-post-image\" alt=\"N\u00e4yttelyterveisi\u00e4\" style=\"object-fit:cover;\" srcset=\"https:\/\/stadinkissala.fi\/wp-content\/uploads\/2023\/11\/PZ90859.jpg 2048w, https:\/\/stadinkissala.fi\/wp-content\/uploads\/2023\/11\/PZ90859-300x200.jpg 300w, https:\/\/stadinkissala.fi\/wp-content\/uploads\/2023\/11\/PZ90859-1024x683.jpg 1024w, https:\/\/stadinkissala.fi\/wp-content\/uploads\/2023\/11\/PZ90859-768x512.jpg 768w, https:\/\/stadinkissala.fi\/wp-content\/uploads\/2023\/11\/PZ90859-1536x1024.jpg 1536w\" sizes=\"auto, (max-width: 2048px) 100vw, 2048px\" \/><\/a><\/figure>\n\n<div class=\"wp-block-post-excerpt\"><p class=\"wp-block-post-excerpt__excerpt\">Syksy on kissalassamme nopeasti kissan\u00e4yttelyiss\u00e4 k\u00e4yden ja Manta-pennun kasvua seuraten. K\u00e4vimme syys-lokakuussa aktiivisesti n\u00e4yttelyiss\u00e4, erityisesti siksi ett\u00e4 halusimme Mantalle n\u00e4yttelykokemusta jo pienest\u00e4 pit\u00e4en ja tarvitsimme my\u00f6s v\u00e4hint\u00e4\u00e4n yhden EX1-tuloksen, jotta Manta voisi osallistua World Show 2023 -n\u00e4yttelyyn lokakuun lopulla Strasbourgissa Ranskassa. Manta onkin jo n\u00e4in pieneksi pennuksi n\u00e4yttelykonkari ja my\u00f6s Domna p\u00e4\u00e4si palaamaan n\u00e4yttelyareenoille. Iloksemme<\/p><p class=\"wp-block-post-excerpt__more-text\"><a class=\"wp-block-post-excerpt__more-link\" href=\"https:\/\/stadinkissala.fi\/?p=133\">Lue koko teksti<\/a><\/p><\/div><\/div>\n\n<\/li><li class=\"wp-block-post post-131 post type-post status-publish format-standard hentry category-pennut\">\n\n<div class=\"wp-block-group has-global-padding is-layout-constrained wp-container-core-group-is-layout-c6708789 wp-block-group-is-layout-constrained\" style=\"padding-bottom:3rem\">\n<div class=\"wp-block-group has-global-padding is-layout-constrained wp-container-core-group-is-layout-e0082cf6 wp-block-group-is-layout-constrained\"><div class=\"wp-block-post-date\"><time datetime=\"2023-11-01T12:09:02+02:00\">01\/11\/2023<\/time><\/div>\n\n<h2 style=\"font-style:normal;font-weight:700;\" class=\"has-link-color wp-elements-acefc44dae35703fb1867b2796b3e3d9 wp-block-post-title\"><a href=\"https:\/\/stadinkissala.fi\/?p=131\" target=\"_self\" >Pennut ovat muuttaneet omiin koteihinsa<\/a><\/h2><\/div>\n\n\n\n\n<div class=\"wp-block-post-excerpt\"><p class=\"wp-block-post-excerpt__excerpt\">Kaikki Domnan pentueen pennut ovat muuttaneet omiin koteihinsa. Meille j\u00e4i pentueen ainoa naaraspentu FI*Stadin Havis Amanda eli tutummin Manta, joka toivon mukaan toimii tulevaisuudessa emona tuleville pentueillemme. Seuraava pentue on suunnitteilla aikaisintaan loppuvuodelle 2024 tai alkuvuodelle 2025.<\/p><p class=\"wp-block-post-excerpt__more-text\"><a class=\"wp-block-post-excerpt__more-link\" href=\"https:\/\/stadinkissala.fi\/?p=131\">Lue koko teksti<\/a><\/p><\/div><\/div>\n\n<\/li><li class=\"wp-block-post post-120 post type-post status-publish format-standard has-post-thumbnail hentry category-pennut\">\n\n<div class=\"wp-block-group has-global-padding is-layout-constrained wp-container-core-group-is-layout-c6708789 wp-block-group-is-layout-constrained\" style=\"padding-bottom:3rem\">\n<div class=\"wp-block-group has-global-padding is-layout-constrained wp-container-core-group-is-layout-e0082cf6 wp-block-group-is-layout-constrained\"><div class=\"wp-block-post-date\"><time datetime=\"2023-05-16T11:43:30+03:00\">16\/05\/2023<\/time><\/div>\n\n<h2 style=\"font-style:normal;font-weight:700;\" class=\"has-link-color wp-elements-acefc44dae35703fb1867b2796b3e3d9 wp-block-post-title\"><a href=\"https:\/\/stadinkissala.fi\/?p=120\" target=\"_self\" >Meill\u00e4 on pentuja!<\/a><\/h2><\/div>\n\n\n<figure class=\"wp-block-post-featured-image\"><a href=\"https:\/\/stadinkissala.fi\/?p=120\" target=\"_self\"  ><img loading=\"lazy\" decoding=\"async\" width=\"1280\" height=\"1126\" src=\"https:\/\/stadinkissala.fi\/wp-content\/uploads\/2023\/05\/photo_5987674033057021254_y.jpg\" class=\"attachment-post-thumbnail size-post-thumbnail wp-post-image\" alt=\"Meill\u00e4 on pentuja!\" style=\"object-fit:cover;\" srcset=\"https:\/\/stadinkissala.fi\/wp-content\/uploads\/2023\/05\/photo_5987674033057021254_y.jpg 1280w, https:\/\/stadinkissala.fi\/wp-content\/uploads\/2023\/05\/photo_5987674033057021254_y-300x264.jpg 300w, https:\/\/stadinkissala.fi\/wp-content\/uploads\/2023\/05\/photo_5987674033057021254_y-1024x901.jpg 1024w, https:\/\/stadinkissala.fi\/wp-content\/uploads\/2023\/05\/photo_5987674033057021254_y-768x676.jpg 768w\" sizes=\"auto, (max-width: 1280px) 100vw, 1280px\" \/><\/a><\/figure>\n\n<div class=\"wp-block-post-excerpt\"><p class=\"wp-block-post-excerpt__excerpt\">Domna synnytti maanantai-iltana 15.5. nelj\u00e4 isoa pentua! Emo ja pennut voivat hyvin. Pentujen syntym\u00e4painot ja nopeasti tsekattuna sukupuolet ovat (syntym\u00e4j\u00e4rjestyksess\u00e4)Poika 93 gPoika 109 gTytt\u00f6 96gPoika 106g Isoja pentuja siis! Nyt seurataan pentujen kasvua. Domna on erinomainen ja huolehtiva emo. Osalle pennuista on jo todenn\u00e4k\u00f6isesti koti tiedossa ja osasta on vasta alustavia yhteydenottoja. Varaustilanne selkenee muutamien<\/p><p class=\"wp-block-post-excerpt__more-text\"><a class=\"wp-block-post-excerpt__more-link\" href=\"https:\/\/stadinkissala.fi\/?p=120\">Lue koko teksti<\/a><\/p><\/div><\/div>\n\n<\/li><li class=\"wp-block-post post-102 post type-post status-publish format-standard has-post-thumbnail hentry category-pennut\">\n\n<div class=\"wp-block-group has-global-padding is-layout-constrained wp-container-core-group-is-layout-c6708789 wp-block-group-is-layout-constrained\" style=\"padding-bottom:3rem\">\n<div class=\"wp-block-group has-global-padding is-layout-constrained wp-container-core-group-is-layout-e0082cf6 wp-block-group-is-layout-constrained\"><div class=\"wp-block-post-date\"><time datetime=\"2023-05-08T21:22:14+03:00\">08\/05\/2023<\/time><\/div>\n\n<h2 style=\"font-style:normal;font-weight:700;\" class=\"has-link-color wp-elements-acefc44dae35703fb1867b2796b3e3d9 wp-block-post-title\"><a href=\"https:\/\/stadinkissala.fi\/?p=102\" target=\"_self\" >Synnytys l\u00e4hestyy!<\/a><\/h2><\/div>\n\n\n<figure class=\"wp-block-post-featured-image\"><a href=\"https:\/\/stadinkissala.fi\/?p=102\" target=\"_self\"  ><img loading=\"lazy\" decoding=\"async\" width=\"1438\" height=\"2160\" src=\"https:\/\/stadinkissala.fi\/wp-content\/uploads\/2023\/05\/edited_IMG_3370.jpg\" class=\"attachment-post-thumbnail size-post-thumbnail wp-post-image\" alt=\"Synnytys l\u00e4hestyy!\" style=\"object-fit:cover;\" srcset=\"https:\/\/stadinkissala.fi\/wp-content\/uploads\/2023\/05\/edited_IMG_3370.jpg 1438w, https:\/\/stadinkissala.fi\/wp-content\/uploads\/2023\/05\/edited_IMG_3370-200x300.jpg 200w, https:\/\/stadinkissala.fi\/wp-content\/uploads\/2023\/05\/edited_IMG_3370-682x1024.jpg 682w, https:\/\/stadinkissala.fi\/wp-content\/uploads\/2023\/05\/edited_IMG_3370-768x1154.jpg 768w, https:\/\/stadinkissala.fi\/wp-content\/uploads\/2023\/05\/edited_IMG_3370-1023x1536.jpg 1023w, https:\/\/stadinkissala.fi\/wp-content\/uploads\/2023\/05\/edited_IMG_3370-1363x2048.jpg 1363w\" sizes=\"auto, (max-width: 1438px) 100vw, 1438px\" \/><\/a><\/figure>\n\n<div class=\"wp-block-post-excerpt\"><p class=\"wp-block-post-excerpt__excerpt\">Domnan laskettuun aikaan on en\u00e4\u00e4 v\u00e4h\u00e4n p\u00e4\u00e4lle viikko. Painoa on tullut lis\u00e4\u00e4 jo l\u00e4hemm\u00e4s 1,5 kiloa (mik\u00e4 normaalisti noin 3 kiloa painavalle Domnalle on paljon!) ja pentujen liikkeit\u00e4 on my\u00f6s p\u00e4\u00e4sty jo tuntemaan. T\u00e4n\u00e4\u00e4n Domna k\u00e4vi tiineysr\u00f6ntgeniss\u00e4. R\u00f6ntgenist\u00e4 saatiin iloisia uutisia &#8211; pentuja laskettiin olevan 4. Edellisess\u00e4 pentueessa Domnalla oli 8 pentua, joista 6 syntyi<\/p><p class=\"wp-block-post-excerpt__more-text\"><a class=\"wp-block-post-excerpt__more-link\" href=\"https:\/\/stadinkissala.fi\/?p=102\">Lue koko teksti<\/a><\/p><\/div><\/div>\n\n<\/li><li class=\"wp-block-post post-93 post type-post status-publish format-standard has-post-thumbnail hentry category-uncategorized\">\n\n<div class=\"wp-block-group has-global-padding is-layout-constrained wp-container-core-group-is-layout-c6708789 wp-block-group-is-layout-constrained\" style=\"padding-bottom:3rem\">\n<div class=\"wp-block-group has-global-padding is-layout-constrained wp-container-core-group-is-layout-e0082cf6 wp-block-group-is-layout-constrained\"><div class=\"wp-block-post-date\"><time datetime=\"2023-04-16T11:15:03+03:00\">16\/04\/2023<\/time><\/div>\n\n<h2 style=\"font-style:normal;font-weight:700;\" class=\"has-link-color wp-elements-acefc44dae35703fb1867b2796b3e3d9 wp-block-post-title\"><a href=\"https:\/\/stadinkissala.fi\/?p=93\" target=\"_self\" >Pentuja odotetaan syntyv\u00e4ksi toukokuussa 2023<\/a><\/h2><\/div>\n\n\n<figure class=\"wp-block-post-featured-image\"><a href=\"https:\/\/stadinkissala.fi\/?p=93\" target=\"_self\"  ><img loading=\"lazy\" decoding=\"async\" width=\"2560\" height=\"1792\" src=\"https:\/\/stadinkissala.fi\/wp-content\/uploads\/2023\/04\/2O8A4282-scaled.jpg\" class=\"attachment-post-thumbnail size-post-thumbnail wp-post-image\" alt=\"Pentuja odotetaan syntyv\u00e4ksi toukokuussa 2023\" style=\"object-fit:cover;\" srcset=\"https:\/\/stadinkissala.fi\/wp-content\/uploads\/2023\/04\/2O8A4282-scaled.jpg 2560w, https:\/\/stadinkissala.fi\/wp-content\/uploads\/2023\/04\/2O8A4282-300x210.jpg 300w, https:\/\/stadinkissala.fi\/wp-content\/uploads\/2023\/04\/2O8A4282-1024x717.jpg 1024w, https:\/\/stadinkissala.fi\/wp-content\/uploads\/2023\/04\/2O8A4282-768x538.jpg 768w, https:\/\/stadinkissala.fi\/wp-content\/uploads\/2023\/04\/2O8A4282-1536x1075.jpg 1536w, https:\/\/stadinkissala.fi\/wp-content\/uploads\/2023\/04\/2O8A4282-2048x1433.jpg 2048w\" sizes=\"auto, (max-width: 2560px) 100vw, 2560px\" \/><\/a><\/figure>\n\n<div class=\"wp-block-post-excerpt\"><p class=\"wp-block-post-excerpt__excerpt\">Domnan tiineys on jo yli puolessa v\u00e4liss\u00e4 ja vatsa py\u00f6ristyy jo hyv\u00e4\u00e4 vauhtia. N\u00e4ytt\u00e4\u00e4 siis silt\u00e4, ett\u00e4 pentuja on toukokuussa tulossa! Lis\u00e4tietoa pennuista &#8221;Pennut&#8221;-sivulta.<\/p><p class=\"wp-block-post-excerpt__more-text\"><a class=\"wp-block-post-excerpt__more-link\" href=\"https:\/\/stadinkissala.fi\/?p=93\">Lue koko teksti<\/a><\/p><\/div><\/div>\n\n<\/li><li class=\"wp-block-post post-7 post type-post status-publish format-standard hentry category-yleinen\">\n\n<div class=\"wp-block-group has-global-padding is-layout-constrained wp-container-core-group-is-layout-c6708789 wp-block-group-is-layout-constrained\" style=\"padding-bottom:3rem\">\n<div class=\"wp-block-group has-global-padding is-layout-constrained wp-container-core-group-is-layout-e0082cf6 wp-block-group-is-layout-constrained\"><div class=\"wp-block-post-date\"><time datetime=\"2023-03-27T14:25:05+03:00\">27\/03\/2023<\/time><\/div>\n\n<h2 style=\"font-style:normal;font-weight:700;\" class=\"has-link-color wp-elements-acefc44dae35703fb1867b2796b3e3d9 wp-block-post-title\"><a href=\"https:\/\/stadinkissala.fi\/?p=7\" target=\"_self\" >Suunnitteilla pentue kev\u00e4\u00e4lle 2023<\/a><\/h2><\/div>\n\n\n\n\n<div class=\"wp-block-post-excerpt\"><p class=\"wp-block-post-excerpt__excerpt\">Meill\u00e4 on ilo kertoa, ett\u00e4 Domna on astutettu ja toivomme pentuja syntyv\u00e4ksi toukokuussa 2023. Lis\u00e4tietoa tulee.<\/p><p class=\"wp-block-post-excerpt__more-text\"><a class=\"wp-block-post-excerpt__more-link\" href=\"https:\/\/stadinkissala.fi\/?p=7\">Lue koko teksti<\/a><\/p><\/div><\/div>\n\n<\/li><\/ul>\n\n<\/div>\n<\/div>\n","protected":false},"excerpt":{"rendered":"","protected":false},"author":2,"featured_media":0,"parent":0,"menu_order":0,"comment_status":"closed","ping_status":"closed","template":"","meta":{"footnotes":""},"class_list":["post-31","page","type-page","status-publish","hentry"],"jetpack_sharing_enabled":true,"_links":{"self":[{"href":"https:\/\/stadinkissala.fi\/index.php?rest_route=\/wp\/v2\/pages\/31","targetHints":{"allow":["GET"]}}],"collection":[{"href":"https:\/\/stadinkissala.fi\/index.php?rest_route=\/wp\/v2\/pages"}],"about":[{"href":"https:\/\/stadinkissala.fi\/index.php?rest_route=\/wp\/v2\/types\/page"}],"author":[{"embeddable":true,"href":"https:\/\/stadinkissala.fi\/index.php?rest_route=\/wp\/v2\/users\/2"}],"replies":[{"embeddable":true,"href":"https:\/\/stadinkissala.fi\/index.php?rest_route=%2Fwp%2Fv2%2Fcomments&post=31"}],"version-history":[{"count":0,"href":"https:\/\/stadinkissala.fi\/index.php?rest_route=\/wp\/v2\/pages\/31\/revisions"}],"wp:attachment":[{"href":"https:\/\/stadinkissala.fi\/index.php?rest_route=%2Fwp%2Fv2%2Fmedia&parent=31"}],"curies":[{"name":"wp","href":"https:\/\/api.w.org\/{rel}","templated":true}]}}